{"id":92262,"date":"2024-11-13T16:12:44","date_gmt":"2024-11-13T15:12:44","guid":{"rendered":"https:\/\/www.akeron.com\/tarko\/?post_type=eventi&#038;p=92262"},"modified":"2026-03-10T15:42:00","modified_gmt":"2026-03-10T14:42:00","slug":"gestione-dei-processi-su-commessa-limpatto-del-digitale-dalla-pianificazione-alla-rendicontazione","status":"publish","type":"eventi","link":"https:\/\/www.akeron.com\/tarko\/eventi\/gestione-dei-processi-su-commessa-limpatto-del-digitale-dalla-pianificazione-alla-rendicontazione\/","title":{"rendered":"Gestione dei processi su commessa: l&#8217;impatto del digitale dalla pianificazione alla rendicontazione"},"content":{"rendered":"\t\t<div data-elementor-type=\"wp-post\" data-elementor-id=\"92262\" class=\"elementor elementor-92262\" data-elementor-post-type=\"eventi\">\n\t\t\t\t\t\t\t\t\t<section class=\"elementor-section elementor-top-section elementor-element elementor-element-c53c88a elementor-section-boxed elementor-section-height-default elementor-section-height-default\" data-id=\"c53c88a\" data-element_type=\"section\">\n\t\t\t\t\t\t<div class=\"elementor-container elementor-column-gap-default\">\n\t\t\t\t\t<div class=\"elementor-column elementor-col-100 elementor-top-column elementor-element elementor-element-0dac194\" data-id=\"0dac194\" data-element_type=\"column\">\n\t\t\t<div class=\"elementor-widget-wrap elementor-element-populated\">\n\t\t\t\t\t\t\t\t<div class=\"elementor-element elementor-element-6f22409 elementor-widget elementor-widget-text-editor\" data-id=\"6f22409\" data-element_type=\"widget\" data-widget_type=\"text-editor.default\">\n\t\t\t\t<div class=\"elementor-widget-container\">\n\t\t\t<style>\/*! elementor - v3.15.0 - 20-08-2023 *\/\n.elementor-widget-text-editor.elementor-drop-cap-view-stacked .elementor-drop-cap{background-color:#69727d;color:#fff}.elementor-widget-text-editor.elementor-drop-cap-view-framed .elementor-drop-cap{color:#69727d;border:3px solid;background-color:transparent}.elementor-widget-text-editor:not(.elementor-drop-cap-view-default) .elementor-drop-cap{margin-top:8px}.elementor-widget-text-editor:not(.elementor-drop-cap-view-default) .elementor-drop-cap-letter{width:1em;height:1em}.elementor-widget-text-editor .elementor-drop-cap{float:left;text-align:center;line-height:1;font-size:50px}.elementor-widget-text-editor .elementor-drop-cap-letter{display:inline-block}<\/style>\t\t\t\t<p><strong>Gioved\u00ec 21 Novembre, ore 17 &#8211; <a href=\"https:\/\/www.google.it\/maps\/place\/Via+Guido+Mazzoni,+18%2F28,+00162+Roma+RM\/@41.9101856,12.5261047,17z\/data=!3m1!4b1!4m6!3m5!1s0x132f617d9e6d9d53:0xc5f8f0a64dc0f824!8m2!3d41.9101856!4d12.5286796!16s%2Fg%2F11wplm8zrf?entry=ttu&amp;g_ep=EgoyMDI0MTAxNi4wIKXMDSoASAFQAw%3D%3D\" target=\"_blank\" rel=\"noopener\">Ad\u00e8sso, Roma<\/a><\/strong><\/p>\t\t\t\t\t\t<\/div>\n\t\t\t\t<\/div>\n\t\t\t\t<div class=\"elementor-element elementor-element-47d0e69 elementor-widget elementor-widget-text-editor\" data-id=\"47d0e69\" data-element_type=\"widget\" data-widget_type=\"text-editor.default\">\n\t\t\t\t<div class=\"elementor-widget-container\">\n\t\t\t\t\t\t\t<p><span data-contrast=\"auto\">Un evento esclusivo dedicato alla trasformazione digitale dei processi su commessa, un&#8217;opportunit\u00e0 unica per scoprire come la tecnologia sta ridefinendo il Project Management e supportando le aziende nel loro percorso di innovazione.<\/span><span data-ccp-props=\"{}\">\u00a0<\/span><\/p>\t\t\t\t\t\t<\/div>\n\t\t\t\t<\/div>\n\t\t\t\t<div class=\"elementor-element elementor-element-bfdedc4 elementor-widget elementor-widget-text-editor\" data-id=\"bfdedc4\" data-element_type=\"widget\" data-widget_type=\"text-editor.default\">\n\t\t\t\t<div class=\"elementor-widget-container\">\n\t\t\t\t\t\t\t<p><span data-contrast=\"auto\">L\u2019evento esplorer\u00e0<\/span><span data-contrast=\"auto\"> le sfide e le opportunit\u00e0 che la digitalizzazione porta nel mondo della gestione dei progetti, offrendo una panoramica sulle <b>best &amp; worst practices del settore<\/b>, analizzando il ruolo centrale della tecnologia nell\u2019ottimizzazione dei processi.<\/span><span data-ccp-props=\"{}\">&nbsp;<\/span><\/p>\t\t\t\t\t\t<\/div>\n\t\t\t\t<\/div>\n\t\t\t\t<div class=\"elementor-element elementor-element-3840d72 elementor-widget elementor-widget-text-editor\" data-id=\"3840d72\" data-element_type=\"widget\" data-widget_type=\"text-editor.default\">\n\t\t\t\t<div class=\"elementor-widget-container\">\n\t\t\t\t\t\t\t<p><span data-contrast=\"auto\">Esploreremo come Tarko by Akeron permette alle organizzazioni di migliorare l&#8217;efficienza operativa, dalla pianificazione fino alla rendicontazione, assicurando una gestione precisa e flessibile delle commesse.<\/span><span data-ccp-props=\"{}\">\u00a0<\/span><\/p>\t\t\t\t\t\t<\/div>\n\t\t\t\t<\/div>\n\t\t\t\t<div class=\"elementor-element elementor-element-ba6444e elementor-widget elementor-widget-text-editor\" data-id=\"ba6444e\" data-element_type=\"widget\" data-widget_type=\"text-editor.default\">\n\t\t\t\t<div class=\"elementor-widget-container\">\n\t\t\t\t\t\t\t<p><span data-contrast=\"auto\">Attraverso il <\/span><b><span data-contrast=\"auto\">Business Case di Intent Spa<\/span><\/b><span data-contrast=\"auto\">, analizzeremo un caso concreto di come un&#8217;azienda di servizi abbia intrapreso un progetto di digitalizzazione per affrontare con successo le sfide legate alla gestione dei processi lungo l\u2019intero ciclo di vita della commessa<\/span><span data-ccp-props=\"{}\">\u00a0<\/span><\/p>\t\t\t\t\t\t<\/div>\n\t\t\t\t<\/div>\n\t\t\t\t<div class=\"elementor-element elementor-element-ba26f3e elementor-widget elementor-widget-spacer\" data-id=\"ba26f3e\" data-element_type=\"widget\" data-widget_type=\"spacer.default\">\n\t\t\t\t<div class=\"elementor-widget-container\">\n\t\t\t<style>\/*! elementor - v3.15.0 - 20-08-2023 *\/\n.elementor-column .elementor-spacer-inner{height:var(--spacer-size)}.e-con{--container-widget-width:100%}.e-con-inner>.elementor-widget-spacer,.e-con>.elementor-widget-spacer{width:var(--container-widget-width,var(--spacer-size));--align-self:var(--container-widget-align-self,initial);--flex-shrink:0}.e-con-inner>.elementor-widget-spacer>.elementor-widget-container,.e-con-inner>.elementor-widget-spacer>.elementor-widget-container>.elementor-spacer,.e-con>.elementor-widget-spacer>.elementor-widget-container,.e-con>.elementor-widget-spacer>.elementor-widget-container>.elementor-spacer{height:100%}.e-con-inner>.elementor-widget-spacer>.elementor-widget-container>.elementor-spacer>.elementor-spacer-inner,.e-con>.elementor-widget-spacer>.elementor-widget-container>.elementor-spacer>.elementor-spacer-inner{height:var(--container-widget-height,var(--spacer-size))}<\/style>\t\t<div class=\"elementor-spacer\">\n\t\t\t<div class=\"elementor-spacer-inner\"><\/div>\n\t\t<\/div>\n\t\t\t\t<\/div>\n\t\t\t\t<\/div>\n\t\t\t\t<div class=\"elementor-element elementor-element-33ca827 elementor-widget elementor-widget-text-editor\" data-id=\"33ca827\" data-element_type=\"widget\" data-widget_type=\"text-editor.default\">\n\t\t\t\t<div class=\"elementor-widget-container\">\n\t\t\t\t\t\t\t<h5><span data-contrast=\"auto\">AGENDA:<\/span><span data-ccp-props=\"{}\">\u00a0<\/span><\/h5><p><b><span data-contrast=\"auto\">17:00: Welcome<\/span><\/b><span data-ccp-props=\"{}\">\u00a0<\/span><\/p><p><b><span data-contrast=\"auto\">17:10:\u202f Misurare efficienza e produttivit\u00e0<\/span><\/b><br \/>Confronto sulle sfide e sulle opportunit\u00e0 derivanti dall\u2019implementazione di software integrati per la gestione dei processi in aziende che lavorano su commessa.<br \/><em>Alceo Rovai | Sales Director SMB Akeron<\/em><\/p><p><b><span data-contrast=\"auto\">17:30: Tarko | Il Software per la Gestione delle Commesse<\/span><\/b>\u00a0<br \/><span data-contrast=\"auto\">La soluzione tecnologica che permette di gestire in un\u2019unica piattaforma l\u2019intero ciclo di vita della commessa aziendale<\/span>\u00a0<br \/><i><span data-contrast=\"auto\">Irene Frediani | Pre-sales Akeron<\/span><\/i><span data-ccp-props=\"{}\">\u00a0<\/span><\/p><p><b><span data-contrast=\"auto\">18:15: Dalla Sfida alla Soluzione: La Digitalizzazione dei Processi per Intent Spa<\/span><\/b>\u00a0<br \/><span data-contrast=\"auto\">Un esempio concreto di come l&#8217;azienda abbia affrontato la sfida della digitalizzazione per ottimizzare l&#8217;intero ciclo di vita delle commesse, dalla pianificazione fino alla rendicontazione.<br \/><em>Claudio De Riso | Partner Gruppo Intent Spa<\/em><\/span><\/p><p><strong>18:35: Q&amp;A<\/strong><\/p><p><b><span data-contrast=\"auto\">19:00: Aperitivo &amp; networking<\/span><\/b><span data-ccp-props=\"{}\">\u00a0<\/span><\/p>\t\t\t\t\t\t<\/div>\n\t\t\t\t<\/div>\n\t\t\t\t<div class=\"elementor-element elementor-element-cdd8cae elementor-widget elementor-widget-spacer\" data-id=\"cdd8cae\" data-element_type=\"widget\" data-widget_type=\"spacer.default\">\n\t\t\t\t<div class=\"elementor-widget-container\">\n\t\t\t\t\t<div class=\"elementor-spacer\">\n\t\t\t<div class=\"elementor-spacer-inner\"><\/div>\n\t\t<\/div>\n\t\t\t\t<\/div>\n\t\t\t\t<\/div>\n\t\t\t\t\t<\/div>\n\t\t<\/div>\n\t\t\t\t\t\t\t<\/div>\n\t\t<\/section>\n\t\t\t\t\t\t\t<\/div>\n\t\t","protected":false},"excerpt":{"rendered":"<p>Gioved\u00ec 21 Novembre, ore 17 &#8211; Ad\u00e8sso, Roma Un evento esclusivo dedicato alla trasformazione digitale dei processi su commessa, un&#8217;opportunit\u00e0 unica per scoprire come la tecnologia sta ridefinendo il Project Management e supportando le aziende nel loro percorso di innovazione.\u00a0 L\u2019evento esplorer\u00e0 le sfide e le opportunit\u00e0 che la digitalizzazione porta nel mondo della gestione [&hellip;]<\/p>\n","protected":false},"featured_media":92916,"template":"","tag-eventi":[135],"acf":[],"yoast_head":"<!-- This site is optimized with the Yoast SEO plugin v22.1 - https:\/\/yoast.com\/wordpress\/plugins\/seo\/ -->\n<title>Gestione dei processi su commessa | Evento<\/title>\n<meta name=\"description\" content=\"Scopri come la digitalizzazione migliora la gestione dei processi su commessa dalla pianificazione alla rendicontazione.\" \/>\n<meta name=\"robots\" content=\"index, follow, max-snippet:-1, max-image-preview:large, max-video-preview:-1\" \/>\n<link rel=\"canonical\" href=\"https:\/\/www.akeron.com\/tarko\/eventi\/gestione-dei-processi-su-commessa-limpatto-del-digitale-dalla-pianificazione-alla-rendicontazione\/\" \/>\n<meta property=\"og:locale\" content=\"it_IT\" \/>\n<meta property=\"og:type\" content=\"article\" \/>\n<meta property=\"og:title\" content=\"Gestione dei processi su commessa | Evento\" \/>\n<meta property=\"og:description\" content=\"Scopri come la digitalizzazione migliora la gestione dei processi su commessa dalla pianificazione alla rendicontazione.\" \/>\n<meta property=\"og:url\" content=\"https:\/\/www.akeron.com\/tarko\/eventi\/gestione-dei-processi-su-commessa-limpatto-del-digitale-dalla-pianificazione-alla-rendicontazione\/\" \/>\n<meta property=\"og:site_name\" content=\"Tarko Software Platform\" \/>\n<meta property=\"article:modified_time\" content=\"2026-03-10T14:42:00+00:00\" \/>\n<meta property=\"og:image\" content=\"https:\/\/www.akeron.com\/tarko\/wp-content\/uploads\/sites\/3\/2024\/10\/Roma_Tarko_AkerontheRoad.jpg\" \/>\n\t<meta property=\"og:image:width\" content=\"1200\" \/>\n\t<meta property=\"og:image:height\" content=\"800\" \/>\n\t<meta property=\"og:image:type\" content=\"image\/jpeg\" \/>\n<meta name=\"twitter:card\" content=\"summary_large_image\" \/>\n<meta name=\"twitter:label1\" content=\"Tempo di lettura stimato\" \/>\n\t<meta name=\"twitter:data1\" content=\"2 minuti\" \/>\n<script type=\"application\/ld+json\" class=\"yoast-schema-graph\">{\"@context\":\"https:\/\/schema.org\",\"@graph\":[{\"@type\":\"WebPage\",\"@id\":\"https:\/\/www.akeron.com\/tarko\/eventi\/gestione-dei-processi-su-commessa-limpatto-del-digitale-dalla-pianificazione-alla-rendicontazione\/\",\"url\":\"https:\/\/www.akeron.com\/tarko\/eventi\/gestione-dei-processi-su-commessa-limpatto-del-digitale-dalla-pianificazione-alla-rendicontazione\/\",\"name\":\"Gestione dei processi su commessa | Evento\",\"isPartOf\":{\"@id\":\"https:\/\/www.akeron.com\/tarko\/#website\"},\"datePublished\":\"2024-11-13T15:12:44+00:00\",\"dateModified\":\"2026-03-10T14:42:00+00:00\",\"description\":\"Scopri come la digitalizzazione migliora la gestione dei processi su commessa dalla pianificazione alla rendicontazione.\",\"breadcrumb\":{\"@id\":\"https:\/\/www.akeron.com\/tarko\/eventi\/gestione-dei-processi-su-commessa-limpatto-del-digitale-dalla-pianificazione-alla-rendicontazione\/#breadcrumb\"},\"inLanguage\":\"it-IT\",\"potentialAction\":[{\"@type\":\"ReadAction\",\"target\":[\"https:\/\/www.akeron.com\/tarko\/eventi\/gestione-dei-processi-su-commessa-limpatto-del-digitale-dalla-pianificazione-alla-rendicontazione\/\"]}]},{\"@type\":\"BreadcrumbList\",\"@id\":\"https:\/\/www.akeron.com\/tarko\/eventi\/gestione-dei-processi-su-commessa-limpatto-del-digitale-dalla-pianificazione-alla-rendicontazione\/#breadcrumb\",\"itemListElement\":[{\"@type\":\"ListItem\",\"position\":1,\"name\":\"Home\",\"item\":\"https:\/\/www.akeron.com\/tarko\/\"},{\"@type\":\"ListItem\",\"position\":2,\"name\":\"Eventi\",\"item\":\"https:\/\/www.akeron.com\/tarko\/eventi\/\"},{\"@type\":\"ListItem\",\"position\":3,\"name\":\"Gestione dei processi su commessa: l&#8217;impatto del digitale dalla pianificazione alla rendicontazione\"}]},{\"@type\":\"WebSite\",\"@id\":\"https:\/\/www.akeron.com\/tarko\/#website\",\"url\":\"https:\/\/www.akeron.com\/tarko\/\",\"name\":\"Tarko Software Platform\",\"description\":\"Quando i progetti sono il cuore del tuo business\",\"publisher\":{\"@id\":\"https:\/\/www.akeron.com\/tarko\/#organization\"},\"potentialAction\":[{\"@type\":\"SearchAction\",\"target\":{\"@type\":\"EntryPoint\",\"urlTemplate\":\"https:\/\/www.akeron.com\/tarko\/?s={search_term_string}\"},\"query-input\":\"required name=search_term_string\"}],\"inLanguage\":\"it-IT\"},{\"@type\":\"Organization\",\"@id\":\"https:\/\/www.akeron.com\/tarko\/#organization\",\"name\":\"Tarko Software Platform\",\"url\":\"https:\/\/www.akeron.com\/tarko\/\",\"logo\":{\"@type\":\"ImageObject\",\"inLanguage\":\"it-IT\",\"@id\":\"https:\/\/www.akeron.com\/tarko\/#\/schema\/logo\/image\/\",\"url\":\"https:\/\/www.akeron.com\/tarko\/wp-content\/uploads\/sites\/3\/2023\/05\/LogoTarkoDef.svg\",\"contentUrl\":\"https:\/\/www.akeron.com\/tarko\/wp-content\/uploads\/sites\/3\/2023\/05\/LogoTarkoDef.svg\",\"caption\":\"Tarko Software Platform\"},\"image\":{\"@id\":\"https:\/\/www.akeron.com\/tarko\/#\/schema\/logo\/image\/\"}}]}<\/script>\n<!-- \/ Yoast SEO plugin. -->","yoast_head_json":{"title":"Gestione dei processi su commessa | Evento","description":"Scopri come la digitalizzazione migliora la gestione dei processi su commessa dalla pianificazione alla rendicontazione.","robots":{"index":"index","follow":"follow","max-snippet":"max-snippet:-1","max-image-preview":"max-image-preview:large","max-video-preview":"max-video-preview:-1"},"canonical":"https:\/\/www.akeron.com\/tarko\/eventi\/gestione-dei-processi-su-commessa-limpatto-del-digitale-dalla-pianificazione-alla-rendicontazione\/","og_locale":"it_IT","og_type":"article","og_title":"Gestione dei processi su commessa | Evento","og_description":"Scopri come la digitalizzazione migliora la gestione dei processi su commessa dalla pianificazione alla rendicontazione.","og_url":"https:\/\/www.akeron.com\/tarko\/eventi\/gestione-dei-processi-su-commessa-limpatto-del-digitale-dalla-pianificazione-alla-rendicontazione\/","og_site_name":"Tarko Software Platform","article_modified_time":"2026-03-10T14:42:00+00:00","og_image":[{"width":1200,"height":800,"url":"https:\/\/www.akeron.com\/tarko\/wp-content\/uploads\/sites\/3\/2024\/10\/Roma_Tarko_AkerontheRoad.jpg","type":"image\/jpeg"}],"twitter_card":"summary_large_image","twitter_misc":{"Tempo di lettura stimato":"2 minuti"},"schema":{"@context":"https:\/\/schema.org","@graph":[{"@type":"WebPage","@id":"https:\/\/www.akeron.com\/tarko\/eventi\/gestione-dei-processi-su-commessa-limpatto-del-digitale-dalla-pianificazione-alla-rendicontazione\/","url":"https:\/\/www.akeron.com\/tarko\/eventi\/gestione-dei-processi-su-commessa-limpatto-del-digitale-dalla-pianificazione-alla-rendicontazione\/","name":"Gestione dei processi su commessa | Evento","isPartOf":{"@id":"https:\/\/www.akeron.com\/tarko\/#website"},"datePublished":"2024-11-13T15:12:44+00:00","dateModified":"2026-03-10T14:42:00+00:00","description":"Scopri come la digitalizzazione migliora la gestione dei processi su commessa dalla pianificazione alla rendicontazione.","breadcrumb":{"@id":"https:\/\/www.akeron.com\/tarko\/eventi\/gestione-dei-processi-su-commessa-limpatto-del-digitale-dalla-pianificazione-alla-rendicontazione\/#breadcrumb"},"inLanguage":"it-IT","potentialAction":[{"@type":"ReadAction","target":["https:\/\/www.akeron.com\/tarko\/eventi\/gestione-dei-processi-su-commessa-limpatto-del-digitale-dalla-pianificazione-alla-rendicontazione\/"]}]},{"@type":"BreadcrumbList","@id":"https:\/\/www.akeron.com\/tarko\/eventi\/gestione-dei-processi-su-commessa-limpatto-del-digitale-dalla-pianificazione-alla-rendicontazione\/#breadcrumb","itemListElement":[{"@type":"ListItem","position":1,"name":"Home","item":"https:\/\/www.akeron.com\/tarko\/"},{"@type":"ListItem","position":2,"name":"Eventi","item":"https:\/\/www.akeron.com\/tarko\/eventi\/"},{"@type":"ListItem","position":3,"name":"Gestione dei processi su commessa: l&#8217;impatto del digitale dalla pianificazione alla rendicontazione"}]},{"@type":"WebSite","@id":"https:\/\/www.akeron.com\/tarko\/#website","url":"https:\/\/www.akeron.com\/tarko\/","name":"Tarko Software Platform","description":"Quando i progetti sono il cuore del tuo business","publisher":{"@id":"https:\/\/www.akeron.com\/tarko\/#organization"},"potentialAction":[{"@type":"SearchAction","target":{"@type":"EntryPoint","urlTemplate":"https:\/\/www.akeron.com\/tarko\/?s={search_term_string}"},"query-input":"required name=search_term_string"}],"inLanguage":"it-IT"},{"@type":"Organization","@id":"https:\/\/www.akeron.com\/tarko\/#organization","name":"Tarko Software Platform","url":"https:\/\/www.akeron.com\/tarko\/","logo":{"@type":"ImageObject","inLanguage":"it-IT","@id":"https:\/\/www.akeron.com\/tarko\/#\/schema\/logo\/image\/","url":"https:\/\/www.akeron.com\/tarko\/wp-content\/uploads\/sites\/3\/2023\/05\/LogoTarkoDef.svg","contentUrl":"https:\/\/www.akeron.com\/tarko\/wp-content\/uploads\/sites\/3\/2023\/05\/LogoTarkoDef.svg","caption":"Tarko Software Platform"},"image":{"@id":"https:\/\/www.akeron.com\/tarko\/#\/schema\/logo\/image\/"}}]}},"_links":{"self":[{"href":"https:\/\/www.akeron.com\/tarko\/wp-json\/wp\/v2\/eventi\/92262"}],"collection":[{"href":"https:\/\/www.akeron.com\/tarko\/wp-json\/wp\/v2\/eventi"}],"about":[{"href":"https:\/\/www.akeron.com\/tarko\/wp-json\/wp\/v2\/types\/eventi"}],"version-history":[{"count":34,"href":"https:\/\/www.akeron.com\/tarko\/wp-json\/wp\/v2\/eventi\/92262\/revisions"}],"predecessor-version":[{"id":93365,"href":"https:\/\/www.akeron.com\/tarko\/wp-json\/wp\/v2\/eventi\/92262\/revisions\/93365"}],"wp:featuredmedia":[{"embeddable":true,"href":"https:\/\/www.akeron.com\/tarko\/wp-json\/wp\/v2\/media\/92916"}],"wp:attachment":[{"href":"https:\/\/www.akeron.com\/tarko\/wp-json\/wp\/v2\/media?parent=92262"}],"wp:term":[{"taxonomy":"tag-eventi","embeddable":true,"href":"https:\/\/www.akeron.com\/tarko\/wp-json\/wp\/v2\/tag-eventi?post=92262"}],"curies":[{"name":"wp","href":"https:\/\/api.w.org\/{rel}","templated":true}]}}