{"id":112005,"date":"2025-05-06T14:05:15","date_gmt":"2025-05-06T12:05:15","guid":{"rendered":"https:\/\/www.akeron.com\/vulki\/?post_type=eventi&#038;p=112005"},"modified":"2026-03-12T11:50:04","modified_gmt":"2026-03-12T10:50:04","slug":"atelier-expert-dcf-grand-paris-et-akeron","status":"publish","type":"eventi","link":"https:\/\/www.akeron.com\/vulki\/fr\/evenements\/atelier-expert-dcf-grand-paris-et-akeron\/","title":{"rendered":"Atelier Expert : DCF Grand Paris et Akeron"},"content":{"rendered":"\t\t<div data-elementor-type=\"wp-post\" data-elementor-id=\"112005\" class=\"elementor elementor-112005\" data-elementor-post-type=\"eventi\">\n\t\t\t\t\t\t\t\t\t<section class=\"elementor-section elementor-top-section elementor-element elementor-element-45f12c45 elementor-section-boxed elementor-section-height-default elementor-section-height-default\" data-id=\"45f12c45\" data-element_type=\"section\">\n\t\t\t\t\t\t<div class=\"elementor-container elementor-column-gap-default\">\n\t\t\t\t\t<div class=\"elementor-column elementor-col-100 elementor-top-column elementor-element elementor-element-d98c9c3\" data-id=\"d98c9c3\" data-element_type=\"column\">\n\t\t\t<div class=\"elementor-widget-wrap elementor-element-populated\">\n\t\t\t\t\t\t\t\t<div class=\"elementor-element elementor-element-ca5e2c7 elementor-widget elementor-widget-text-editor\" data-id=\"ca5e2c7\" data-element_type=\"widget\" data-widget_type=\"text-editor.default\">\n\t\t\t\t<div class=\"elementor-widget-container\">\n\t\t\t<style>\/*! elementor - v3.15.0 - 20-08-2023 *\/\n.elementor-widget-text-editor.elementor-drop-cap-view-stacked .elementor-drop-cap{background-color:#69727d;color:#fff}.elementor-widget-text-editor.elementor-drop-cap-view-framed .elementor-drop-cap{color:#69727d;border:3px solid;background-color:transparent}.elementor-widget-text-editor:not(.elementor-drop-cap-view-default) .elementor-drop-cap{margin-top:8px}.elementor-widget-text-editor:not(.elementor-drop-cap-view-default) .elementor-drop-cap-letter{width:1em;height:1em}.elementor-widget-text-editor .elementor-drop-cap{float:left;text-align:center;line-height:1;font-size:50px}.elementor-widget-text-editor .elementor-drop-cap-letter{display:inline-block}<\/style>\t\t\t\t<p style=\"text-align: left\"><strong>Mardi 8 Juillet 2025 au Sofitel Scribe Paris Op\u00e9ra de 18h30 \u00e0 21h30<\/strong><\/p>\t\t\t\t\t\t<\/div>\n\t\t\t\t<\/div>\n\t\t\t\t<div class=\"elementor-element elementor-element-7695fc40 elementor-widget elementor-widget-text-editor\" data-id=\"7695fc40\" data-element_type=\"widget\" data-widget_type=\"text-editor.default\">\n\t\t\t\t<div class=\"elementor-widget-container\">\n\t\t\t\t\t\t\t<h5><span style=\"border-width: 0px;--tw-translate-x: 0;--tw-translate-y: 0;--tw-rotate: 0;--tw-skew-x: 0;--tw-skew-y: 0;--tw-scale-x: 1;--tw-scale-y: 1;--tw-border-opacity: 1;--tw-ring-offset-width: 0px;--tw-ring-offset-color: #fff;--tw-ring-offset-shadow: 0 0 #0000;--tw-ring-shadow: 0 0 #0000;--tw-shadow: 0 0 #0000;--tw-filter: var(--tw-blur) var(--tw-brightness) var(--tw-contrast) var(--tw-grayscale) var(--tw-hue-rotate) var(--tw-invert) var(--tw-saturate) var(--tw-sepia) var(--tw-drop-shadow);font-weight: bolder\">Comment aligner l&rsquo;ex\u00e9cution commerciale avec la strat\u00e9gie de l&rsquo;entreprise ?\u00a0<\/span><\/h5><p><span style=\"border-width: 0px;--tw-translate-x: 0;--tw-translate-y: 0;--tw-rotate: 0;--tw-skew-x: 0;--tw-skew-y: 0;--tw-scale-x: 1;--tw-scale-y: 1;--tw-border-opacity: 1;--tw-ring-offset-width: 0px;--tw-ring-offset-color: #fff;--tw-ring-offset-shadow: 0 0 #0000;--tw-ring-shadow: 0 0 #0000;--tw-shadow: 0 0 #0000;--tw-filter: var(--tw-blur) var(--tw-brightness) var(--tw-contrast) var(--tw-grayscale) var(--tw-hue-rotate) var(--tw-invert) var(--tw-saturate) var(--tw-sepia) var(--tw-drop-shadow)\">Quelles sont les bonnes pratiques en mati\u00e8re de pilotage de la performance commerciale et de la r\u00e9mun\u00e9ration des ventes ?\u00a0<\/span><\/p><p><span lang=\"FR\" style=\"font-family: Barlow\">Nous avons le plaisir de vous convier \u00e0 un atelier exclusif co-organis\u00e9 par DCF et Akeron, qui se tiendra le <b>8 juillet prochain<\/b> \u00e0 <b>Paris<\/b>, \u00e0 l\u2019h\u00f4tel <b>Sofitel Scribe <\/b>(m\u00e9tro Op\u00e9ra)<b> <\/b>\u00e0 partir de 18h30, jusqu\u2019\u00e0 21h30.<\/span><\/p><p><span lang=\"FR\" style=\"font-family: Barlow\">Cet \u00e9v\u00e9nement sera l&rsquo;occasion de d\u00e9battre sur le sujet <strong>du pilotage de la performance commerciale de l\u2019entreprise.<\/strong><\/span><\/p><h5><strong>Intervenants :<\/strong><\/h5><p>Pour nourrir les \u00e9changes, plusieurs experts reconnus partageront leurs retours d\u2019exp\u00e9rience et bonnes pratiques, parmi lesquels :<\/p><ul data-start=\"82\" data-end=\"401\"><li data-start=\"82\" data-end=\"161\"><p data-start=\"84\" data-end=\"161\"><a href=\"https:\/\/www.linkedin.com\/in\/laurenceyvon\/\"><strong data-start=\"0\" data-end=\"17\" data-is-only-node=\"\">Laurence Yvon<\/strong><\/a> \u2014 Directrice des Op\u00e9rations France, Akeron<\/p><\/li><li data-start=\"82\" data-end=\"161\"><p data-start=\"84\" data-end=\"161\"><span style=\"background-color: transparent\"><a href=\"https:\/\/www.linkedin.com\/in\/guillaume-pestier\/\" target=\"_blank\" rel=\"noopener\"><strong>Guillaume Pestier<\/strong><\/a>\u00a0\u2014 Directeur Commercial et Marketing, Actual Talent<\/span><span style=\"background-color: transparent\">\u00a0<\/span><\/p><\/li><li data-start=\"162\" data-end=\"241\"><p data-start=\"164\" data-end=\"241\"><a href=\"https:\/\/www.linkedin.com\/in\/sebastienjmichel\/\"><strong data-start=\"0\" data-end=\"25\" data-is-only-node=\"\">S\u00e9bastien Jean\u2011Michel<\/strong><\/a> \u2014 Managing Partner, Agile Advisory\u00a0<\/p><\/li><li data-start=\"242\" data-end=\"321\"><p data-start=\"244\" data-end=\"321\"><a href=\"https:\/\/www.linkedin.com\/in\/cyrille-meunier-6b116a11\/\"><strong data-start=\"0\" data-end=\"19\" data-is-only-node=\"\">Cyrille Meunier<\/strong><\/a> \u2014 Senior Associ\u00e9, MCR\u202fGroupe et Pr\u00e9sident national des DCF<\/p><\/li><li data-start=\"322\" data-end=\"401\"><p data-start=\"324\" data-end=\"401\"><a href=\"https:\/\/www.linkedin.com\/in\/k%C3%A9vin-leplongeon-740a4877\/\"><strong data-start=\"0\" data-end=\"20\" data-is-only-node=\"\">K\u00e9vin Leplongeon<\/strong><\/a> \u2014 Directeur Commercial France, Akeron\u00a0<\/p><\/li><\/ul><h5><b><span style=\"font-family: Barlow\">Au programme<\/span><\/b><span style=\"font-family: Barlow\"> :<\/span><\/h5><ul style=\"margin-top: 0cm\" type=\"disc\"><li><b><span lang=\"FR\" style=\"font-family: Barlow\">Mod\u00e9lisation des plans de commissions<\/span><\/b><span lang=\"FR\" style=\"font-family: Barlow\">\u00a0: comment faire simple, lisible et motivant<\/span><\/li><li><b><span lang=\"FR\" style=\"font-family: Barlow\">D\u00e9finition des objectifs de vente :<\/span><\/b><span lang=\"FR\" style=\"font-family: Barlow\"> Comment \u00e9tablir des objectifs clairs, mesurables et align\u00e9s \u00e0 la strat\u00e9gie de l&rsquo;entreprise pour maximiser la performance\u00a0?<\/span><\/li><li><b><span lang=\"FR\" style=\"font-family: Barlow\">Suivi des objectifs :<\/span><\/b><span lang=\"FR\" style=\"font-family: Barlow\"> Quelles sont les m\u00e9thodes pour suivre l\u2019avancement des objectifs tout au long de l\u2019ann\u00e9e et mesurer leur efficacit\u00e9\u00a0?<\/span><\/li><li><b><span lang=\"FR\" style=\"font-family: Barlow\">R\u00e9ajustement des objectifs :<\/span><\/b><span lang=\"FR\" style=\"font-family: Barlow\"> Comment ajuster les objectifs en fonction des r\u00e9alit\u00e9s du march\u00e9, des performances de l\u2019\u00e9quipe et des changements dans la strat\u00e9gie de l\u2019entreprise\u00a0?<\/span><\/li><li><b><span lang=\"FR\" style=\"font-family: Barlow\">Optimisation de la r\u00e9mun\u00e9ration des ventes :<\/span><\/b><span lang=\"FR\" style=\"font-family: Barlow\"> Comment faire le lien entre la strat\u00e9gie commerciale, les objectifs de vente et les syst\u00e8mes de r\u00e9mun\u00e9ration pour garantir une performance durable\u00a0?<\/span><\/li><li><b><span lang=\"FR\" style=\"font-family: Barlow\">Pilotage de la performance : <\/span><\/b><span lang=\"FR\" style=\"font-family: Barlow\">Comment la technologie permet d&rsquo;assurer la confiance, l&rsquo;engagement et la motivation gr\u00e2ce \u00e0 un syst\u00e8me de suivi fiable et transparent\u00a0?<\/span><\/li><\/ul><p><span lang=\"FR\" style=\"font-family: Barlow\">L\u2019atelier se terminera par un moment de networking autour d&rsquo;un cocktail, pour approfondir vos \u00e9changes avec des experts du domaine et vos pairs.<\/span><\/p><p><b><span lang=\"FR\" style=\"font-family: Barlow\">Date :<\/span><\/b><span lang=\"FR\" style=\"font-family: Barlow\"> 8 juillet 2025<br \/><b>Heure :<\/b> 18h30 &#8211; 21h30<br \/><b>Lieu :<\/b> Sofitel Scribe, Paris<\/span><\/p><p><a href=\"https:\/\/my.weezevent.com\/DCF-akeron-2025\"><b><span lang=\"FR\" style=\"font-family: Barlow\">Inscrivez-vous vite\u00a0!<\/span><\/b><\/a><span lang=\"FR\" style=\"font-family: Barlow\"> Les places \u00e9tant limit\u00e9es, nous vous encourageons \u00e0 confirmer votre pr\u00e9sence rapidement.<\/span><\/p><p><span lang=\"FR\" style=\"font-family: Barlow\">Nous esp\u00e9rons vous retrouver nombreux pour cet \u00e9v\u00e9nement incontournable !<\/span><\/p>\t\t\t\t\t\t<\/div>\n\t\t\t\t<\/div>\n\t\t\t\t<div class=\"elementor-element elementor-element-e465fa1 elementor-widget elementor-widget-text-editor\" data-id=\"e465fa1\" data-element_type=\"widget\" data-widget_type=\"text-editor.default\">\n\t\t\t\t<div class=\"elementor-widget-container\">\n\t\t\t\t\t\t\t\t\t\t\t\t\t<\/div>\n\t\t\t\t<\/div>\n\t\t\t\t<div class=\"elementor-element elementor-element-5911119 elementor-widget elementor-widget-text-editor\" data-id=\"5911119\" data-element_type=\"widget\" data-widget_type=\"text-editor.default\">\n\t\t\t\t<div class=\"elementor-widget-container\">\n\t\t\t\t\t\t\t\t\t\t\t\t\t<\/div>\n\t\t\t\t<\/div>\n\t\t\t\t\t<\/div>\n\t\t<\/div>\n\t\t\t\t\t\t\t<\/div>\n\t\t<\/section>\n\t\t\t\t<section class=\"elementor-section elementor-top-section elementor-element elementor-element-485bb21 elementor-section-boxed elementor-section-height-default elementor-section-height-default\" data-id=\"485bb21\" data-element_type=\"section\">\n\t\t\t\t\t\t<div class=\"elementor-container elementor-column-gap-default\">\n\t\t\t\t\t<div class=\"elementor-column elementor-col-100 elementor-top-column elementor-element elementor-element-b43d354\" data-id=\"b43d354\" data-element_type=\"column\">\n\t\t\t<div class=\"elementor-widget-wrap elementor-element-populated\">\n\t\t\t\t\t\t\t\t<div class=\"elementor-element elementor-element-e350031 elementor-widget elementor-widget-text-editor\" data-id=\"e350031\" data-element_type=\"widget\" data-widget_type=\"text-editor.default\">\n\t\t\t\t<div class=\"elementor-widget-container\">\n\t\t\t\t\t\t\t\t\t\t\t\t\t<\/div>\n\t\t\t\t<\/div>\n\t\t\t\t\t<\/div>\n\t\t<\/div>\n\t\t\t\t\t\t\t<\/div>\n\t\t<\/section>\n\t\t\t\t\t\t\t<\/div>\n\t\t","protected":false},"excerpt":{"rendered":"<p>Mardi 8 Juillet 2025 au Sofitel Scribe Paris Op\u00e9ra de 18h30 \u00e0 21h30 Comment aligner l&rsquo;ex\u00e9cution commerciale avec la strat\u00e9gie de l&rsquo;entreprise ?\u00a0 Quelles sont les bonnes pratiques en mati\u00e8re de pilotage de la performance commerciale et de la r\u00e9mun\u00e9ration des ventes ?\u00a0 Nous avons le plaisir de vous convier \u00e0 un atelier exclusif co-organis\u00e9 [&hellip;]<\/p>\n","protected":false},"featured_media":112008,"template":"","tag-eventi":[],"acf":[],"yoast_head":"<!-- This site is optimized with the Yoast SEO plugin v22.1 - https:\/\/yoast.com\/wordpress\/plugins\/seo\/ -->\n<title>Atelier Expert : DCF Grand Paris et Akeron - Vulki Software Platform<\/title>\n<meta name=\"description\" content=\"Atelier expert organis\u00e9 par DCF Grand Paris et Akeron pour \u00e9changer sur les enjeux de la performance commerciale.\" \/>\n<meta name=\"robots\" content=\"index, follow, max-snippet:-1, max-image-preview:large, max-video-preview:-1\" \/>\n<link rel=\"canonical\" href=\"https:\/\/www.akeron.com\/vulki\/fr\/evenements\/atelier-expert-dcf-grand-paris-et-akeron\/\" \/>\n<meta property=\"og:locale\" content=\"fr_FR\" \/>\n<meta property=\"og:type\" content=\"article\" \/>\n<meta property=\"og:title\" content=\"Atelier Expert : DCF Grand Paris et Akeron - Vulki Software Platform\" \/>\n<meta property=\"og:description\" content=\"Atelier expert organis\u00e9 par DCF Grand Paris et Akeron pour \u00e9changer sur les enjeux de la performance commerciale.\" \/>\n<meta property=\"og:url\" content=\"https:\/\/www.akeron.com\/vulki\/fr\/evenements\/atelier-expert-dcf-grand-paris-et-akeron\/\" \/>\n<meta property=\"og:site_name\" content=\"Vulki Software Platform\" \/>\n<meta property=\"article:modified_time\" content=\"2026-03-12T10:50:04+00:00\" \/>\n<meta property=\"og:image\" content=\"https:\/\/www.akeron.com\/vulki\/wp-content\/uploads\/sites\/2\/2025\/05\/DCF-et-Akeron-8-juillet-2025.png\" \/>\n\t<meta property=\"og:image:width\" content=\"2771\" \/>\n\t<meta property=\"og:image:height\" content=\"1536\" \/>\n\t<meta property=\"og:image:type\" content=\"image\/png\" \/>\n<meta name=\"twitter:card\" content=\"summary_large_image\" \/>\n<meta name=\"twitter:label1\" content=\"Dur\u00e9e de lecture estim\u00e9e\" \/>\n\t<meta name=\"twitter:data1\" content=\"3 minutes\" \/>\n<script type=\"application\/ld+json\" class=\"yoast-schema-graph\">{\"@context\":\"https:\/\/schema.org\",\"@graph\":[{\"@type\":\"WebPage\",\"@id\":\"https:\/\/www.akeron.com\/vulki\/fr\/evenements\/atelier-expert-dcf-grand-paris-et-akeron\/\",\"url\":\"https:\/\/www.akeron.com\/vulki\/fr\/evenements\/atelier-expert-dcf-grand-paris-et-akeron\/\",\"name\":\"Atelier Expert : DCF Grand Paris et Akeron - Vulki Software Platform\",\"isPartOf\":{\"@id\":\"https:\/\/www.akeron.com\/vulki\/fr\/#website\"},\"datePublished\":\"2025-05-06T12:05:15+00:00\",\"dateModified\":\"2026-03-12T10:50:04+00:00\",\"description\":\"Atelier expert organis\u00e9 par DCF Grand Paris et Akeron pour \u00e9changer sur les enjeux de la performance commerciale.\",\"breadcrumb\":{\"@id\":\"https:\/\/www.akeron.com\/vulki\/fr\/evenements\/atelier-expert-dcf-grand-paris-et-akeron\/#breadcrumb\"},\"inLanguage\":\"fr-FR\",\"potentialAction\":[{\"@type\":\"ReadAction\",\"target\":[\"https:\/\/www.akeron.com\/vulki\/fr\/evenements\/atelier-expert-dcf-grand-paris-et-akeron\/\"]}]},{\"@type\":\"BreadcrumbList\",\"@id\":\"https:\/\/www.akeron.com\/vulki\/fr\/evenements\/atelier-expert-dcf-grand-paris-et-akeron\/#breadcrumb\",\"itemListElement\":[{\"@type\":\"ListItem\",\"position\":1,\"name\":\"Home\",\"item\":\"https:\/\/www.akeron.com\/vulki\/fr\/\"},{\"@type\":\"ListItem\",\"position\":2,\"name\":\"\u00c9v\u00e9nements\",\"item\":\"https:\/\/www.akeron.com\/vulki\/fr\/evenements\/\"},{\"@type\":\"ListItem\",\"position\":3,\"name\":\"Atelier Expert : DCF Grand Paris et Akeron\"}]},{\"@type\":\"WebSite\",\"@id\":\"https:\/\/www.akeron.com\/vulki\/fr\/#website\",\"url\":\"https:\/\/www.akeron.com\/vulki\/fr\/\",\"name\":\"Vulki Software Platform\",\"description\":\"Piattaforma modulare per motivare e vendere meglio\",\"publisher\":{\"@id\":\"https:\/\/www.akeron.com\/vulki\/fr\/#organization\"},\"potentialAction\":[{\"@type\":\"SearchAction\",\"target\":{\"@type\":\"EntryPoint\",\"urlTemplate\":\"https:\/\/www.akeron.com\/vulki\/fr\/?s={search_term_string}\"},\"query-input\":\"required name=search_term_string\"}],\"inLanguage\":\"fr-FR\"},{\"@type\":\"Organization\",\"@id\":\"https:\/\/www.akeron.com\/vulki\/fr\/#organization\",\"name\":\"Vulki Software Platform\",\"url\":\"https:\/\/www.akeron.com\/vulki\/fr\/\",\"logo\":{\"@type\":\"ImageObject\",\"inLanguage\":\"fr-FR\",\"@id\":\"https:\/\/www.akeron.com\/vulki\/fr\/#\/schema\/logo\/image\/\",\"url\":\"https:\/\/www.akeron.com\/vulki\/wp-content\/uploads\/sites\/2\/2023\/05\/LogoVulkiDef.svg\",\"contentUrl\":\"https:\/\/www.akeron.com\/vulki\/wp-content\/uploads\/sites\/2\/2023\/05\/LogoVulkiDef.svg\",\"caption\":\"Vulki Software Platform\"},\"image\":{\"@id\":\"https:\/\/www.akeron.com\/vulki\/fr\/#\/schema\/logo\/image\/\"}}]}<\/script>\n<!-- \/ Yoast SEO plugin. -->","yoast_head_json":{"title":"Atelier Expert : DCF Grand Paris et Akeron - Vulki Software Platform","description":"Atelier expert organis\u00e9 par DCF Grand Paris et Akeron pour \u00e9changer sur les enjeux de la performance commerciale.","robots":{"index":"index","follow":"follow","max-snippet":"max-snippet:-1","max-image-preview":"max-image-preview:large","max-video-preview":"max-video-preview:-1"},"canonical":"https:\/\/www.akeron.com\/vulki\/fr\/evenements\/atelier-expert-dcf-grand-paris-et-akeron\/","og_locale":"fr_FR","og_type":"article","og_title":"Atelier Expert : DCF Grand Paris et Akeron - Vulki Software Platform","og_description":"Atelier expert organis\u00e9 par DCF Grand Paris et Akeron pour \u00e9changer sur les enjeux de la performance commerciale.","og_url":"https:\/\/www.akeron.com\/vulki\/fr\/evenements\/atelier-expert-dcf-grand-paris-et-akeron\/","og_site_name":"Vulki Software Platform","article_modified_time":"2026-03-12T10:50:04+00:00","og_image":[{"width":2771,"height":1536,"url":"https:\/\/www.akeron.com\/vulki\/wp-content\/uploads\/sites\/2\/2025\/05\/DCF-et-Akeron-8-juillet-2025.png","type":"image\/png"}],"twitter_card":"summary_large_image","twitter_misc":{"Dur\u00e9e de lecture estim\u00e9e":"3 minutes"},"schema":{"@context":"https:\/\/schema.org","@graph":[{"@type":"WebPage","@id":"https:\/\/www.akeron.com\/vulki\/fr\/evenements\/atelier-expert-dcf-grand-paris-et-akeron\/","url":"https:\/\/www.akeron.com\/vulki\/fr\/evenements\/atelier-expert-dcf-grand-paris-et-akeron\/","name":"Atelier Expert : DCF Grand Paris et Akeron - Vulki Software Platform","isPartOf":{"@id":"https:\/\/www.akeron.com\/vulki\/fr\/#website"},"datePublished":"2025-05-06T12:05:15+00:00","dateModified":"2026-03-12T10:50:04+00:00","description":"Atelier expert organis\u00e9 par DCF Grand Paris et Akeron pour \u00e9changer sur les enjeux de la performance commerciale.","breadcrumb":{"@id":"https:\/\/www.akeron.com\/vulki\/fr\/evenements\/atelier-expert-dcf-grand-paris-et-akeron\/#breadcrumb"},"inLanguage":"fr-FR","potentialAction":[{"@type":"ReadAction","target":["https:\/\/www.akeron.com\/vulki\/fr\/evenements\/atelier-expert-dcf-grand-paris-et-akeron\/"]}]},{"@type":"BreadcrumbList","@id":"https:\/\/www.akeron.com\/vulki\/fr\/evenements\/atelier-expert-dcf-grand-paris-et-akeron\/#breadcrumb","itemListElement":[{"@type":"ListItem","position":1,"name":"Home","item":"https:\/\/www.akeron.com\/vulki\/fr\/"},{"@type":"ListItem","position":2,"name":"\u00c9v\u00e9nements","item":"https:\/\/www.akeron.com\/vulki\/fr\/evenements\/"},{"@type":"ListItem","position":3,"name":"Atelier Expert : DCF Grand Paris et Akeron"}]},{"@type":"WebSite","@id":"https:\/\/www.akeron.com\/vulki\/fr\/#website","url":"https:\/\/www.akeron.com\/vulki\/fr\/","name":"Vulki Software Platform","description":"Piattaforma modulare per motivare e vendere meglio","publisher":{"@id":"https:\/\/www.akeron.com\/vulki\/fr\/#organization"},"potentialAction":[{"@type":"SearchAction","target":{"@type":"EntryPoint","urlTemplate":"https:\/\/www.akeron.com\/vulki\/fr\/?s={search_term_string}"},"query-input":"required name=search_term_string"}],"inLanguage":"fr-FR"},{"@type":"Organization","@id":"https:\/\/www.akeron.com\/vulki\/fr\/#organization","name":"Vulki Software Platform","url":"https:\/\/www.akeron.com\/vulki\/fr\/","logo":{"@type":"ImageObject","inLanguage":"fr-FR","@id":"https:\/\/www.akeron.com\/vulki\/fr\/#\/schema\/logo\/image\/","url":"https:\/\/www.akeron.com\/vulki\/wp-content\/uploads\/sites\/2\/2023\/05\/LogoVulkiDef.svg","contentUrl":"https:\/\/www.akeron.com\/vulki\/wp-content\/uploads\/sites\/2\/2023\/05\/LogoVulkiDef.svg","caption":"Vulki Software Platform"},"image":{"@id":"https:\/\/www.akeron.com\/vulki\/fr\/#\/schema\/logo\/image\/"}}]}},"_links":{"self":[{"href":"https:\/\/www.akeron.com\/vulki\/fr\/wp-json\/wp\/v2\/eventi\/112005"}],"collection":[{"href":"https:\/\/www.akeron.com\/vulki\/fr\/wp-json\/wp\/v2\/eventi"}],"about":[{"href":"https:\/\/www.akeron.com\/vulki\/fr\/wp-json\/wp\/v2\/types\/eventi"}],"version-history":[{"count":19,"href":"https:\/\/www.akeron.com\/vulki\/fr\/wp-json\/wp\/v2\/eventi\/112005\/revisions"}],"predecessor-version":[{"id":113836,"href":"https:\/\/www.akeron.com\/vulki\/fr\/wp-json\/wp\/v2\/eventi\/112005\/revisions\/113836"}],"wp:featuredmedia":[{"embeddable":true,"href":"https:\/\/www.akeron.com\/vulki\/fr\/wp-json\/wp\/v2\/media\/112008"}],"wp:attachment":[{"href":"https:\/\/www.akeron.com\/vulki\/fr\/wp-json\/wp\/v2\/media?parent=112005"}],"wp:term":[{"taxonomy":"tag-eventi","embeddable":true,"href":"https:\/\/www.akeron.com\/vulki\/fr\/wp-json\/wp\/v2\/tag-eventi?post=112005"}],"curies":[{"name":"wp","href":"https:\/\/api.w.org\/{rel}","templated":true}]}}