{"id":116954,"date":"2025-10-07T10:36:24","date_gmt":"2025-10-07T08:36:24","guid":{"rendered":"https:\/\/www.akeron.com\/vulki\/?post_type=eventi&#038;p=116954"},"modified":"2026-02-12T17:31:21","modified_gmt":"2026-02-12T16:31:21","slug":"cday-2025-akeron-est-partenaire-a-la-journee-du-talent-commercial-des-dcf","status":"publish","type":"eventi","link":"https:\/\/www.akeron.com\/vulki\/fr\/evenements\/cday-2025-akeron-est-partenaire-a-la-journee-du-talent-commercial-des-dcf\/","title":{"rendered":"CDay 2025 : Akeron est partenaire de la journ\u00e9e du talent commercial des DCF"},"content":{"rendered":"\t\t<div data-elementor-type=\"wp-post\" data-elementor-id=\"116954\" class=\"elementor elementor-116954\" data-elementor-post-type=\"eventi\">\n\t\t\t\t\t\t\t\t\t<section class=\"elementor-section elementor-top-section elementor-element elementor-element-45f12c45 elementor-section-boxed elementor-section-height-default elementor-section-height-default\" data-id=\"45f12c45\" data-element_type=\"section\">\n\t\t\t\t\t\t<div class=\"elementor-container elementor-column-gap-default\">\n\t\t\t\t\t<div class=\"elementor-column elementor-col-100 elementor-top-column elementor-element elementor-element-d98c9c3\" data-id=\"d98c9c3\" data-element_type=\"column\">\n\t\t\t<div class=\"elementor-widget-wrap elementor-element-populated\">\n\t\t\t\t\t\t\t\t<div class=\"elementor-element elementor-element-ca5e2c7 elementor-widget elementor-widget-text-editor\" data-id=\"ca5e2c7\" data-element_type=\"widget\" data-widget_type=\"text-editor.default\">\n\t\t\t\t<div class=\"elementor-widget-container\">\n\t\t\t<style>\/*! elementor - v3.15.0 - 20-08-2023 *\/\n.elementor-widget-text-editor.elementor-drop-cap-view-stacked .elementor-drop-cap{background-color:#69727d;color:#fff}.elementor-widget-text-editor.elementor-drop-cap-view-framed .elementor-drop-cap{color:#69727d;border:3px solid;background-color:transparent}.elementor-widget-text-editor:not(.elementor-drop-cap-view-default) .elementor-drop-cap{margin-top:8px}.elementor-widget-text-editor:not(.elementor-drop-cap-view-default) .elementor-drop-cap-letter{width:1em;height:1em}.elementor-widget-text-editor .elementor-drop-cap{float:left;text-align:center;line-height:1;font-size:50px}.elementor-widget-text-editor .elementor-drop-cap-letter{display:inline-block}<\/style>\t\t\t\t<p style=\"text-align: left\"><strong>Jeudi 6 Novembre 2025<\/strong><\/p>\t\t\t\t\t\t<\/div>\n\t\t\t\t<\/div>\n\t\t\t\t<div class=\"elementor-element elementor-element-7695fc40 elementor-widget elementor-widget-text-editor\" data-id=\"7695fc40\" data-element_type=\"widget\" data-widget_type=\"text-editor.default\">\n\t\t\t\t<div class=\"elementor-widget-container\">\n\t\t\t\t\t\t\t<p><span style=\"border-width: 0px;--tw-translate-x: 0;--tw-translate-y: 0;--tw-rotate: 0;--tw-skew-x: 0;--tw-skew-y: 0;--tw-scale-x: 1;--tw-scale-y: 1;--tw-border-opacity: 1;--tw-ring-offset-width: 0px;--tw-ring-offset-color: #fff;--tw-ring-offset-shadow: 0 0 #0000;--tw-ring-shadow: 0 0 #0000;--tw-shadow: 0 0 #0000;--tw-filter: var(--tw-blur) var(--tw-brightness) var(--tw-contrast) var(--tw-grayscale) var(--tw-hue-rotate) var(--tw-invert) var(--tw-saturate) var(--tw-sepia) var(--tw-drop-shadow);font-weight: bolder\">Akeron est partenaire du CDAY organis\u00e9 par les Dirigeants Commerciaux de France !<\/span><\/p>\n<p>Le 06 novembre 2025 c\u2019est LA JOURN\u00c9E pour valoriser et c\u00e9l\u00e9brer le talent commercial, dans toute la France et les associations DCF.<\/p>\n<p>Ce jour-l\u00e0 des centaines de managers commerciaux apporteront leur t\u00e9moignage sur leur m\u00e9tier et plusieurs tables rondes d\u2019experts vous seront propos\u00e9es.<\/p>\n<p>Vous qui \u00eates directeur\/ manager commercial, chef d\u2019entreprise, \u00e9tudiants : participez \u00e0 la journ\u00e9e de la fonction commerciale !<\/p>\t\t\t\t\t\t<\/div>\n\t\t\t\t<\/div>\n\t\t\t\t<div class=\"elementor-element elementor-element-e465fa1 elementor-widget elementor-widget-text-editor\" data-id=\"e465fa1\" data-element_type=\"widget\" data-widget_type=\"text-editor.default\">\n\t\t\t\t<div class=\"elementor-widget-container\">\n\t\t\t\t\t\t\t\t\t\t\t\t\t<\/div>\n\t\t\t\t<\/div>\n\t\t\t\t<div class=\"elementor-element elementor-element-5911119 elementor-widget elementor-widget-text-editor\" data-id=\"5911119\" data-element_type=\"widget\" data-widget_type=\"text-editor.default\">\n\t\t\t\t<div class=\"elementor-widget-container\">\n\t\t\t\t\t\t\t<p><a href=\"https:\/\/reseau-dcf.fr\/agenda\/c-day\/\">Pour en savoir plus sur le CDAY<\/a><\/p>\t\t\t\t\t\t<\/div>\n\t\t\t\t<\/div>\n\t\t\t\t\t<\/div>\n\t\t<\/div>\n\t\t\t\t\t\t\t<\/div>\n\t\t<\/section>\n\t\t\t\t<section class=\"elementor-section elementor-top-section elementor-element elementor-element-485bb21 elementor-section-boxed elementor-section-height-default elementor-section-height-default\" data-id=\"485bb21\" data-element_type=\"section\">\n\t\t\t\t\t\t<div class=\"elementor-container elementor-column-gap-default\">\n\t\t\t\t\t<div class=\"elementor-column elementor-col-100 elementor-top-column elementor-element elementor-element-b43d354\" data-id=\"b43d354\" data-element_type=\"column\">\n\t\t\t<div class=\"elementor-widget-wrap elementor-element-populated\">\n\t\t\t\t\t\t\t\t<div class=\"elementor-element elementor-element-e350031 elementor-widget elementor-widget-text-editor\" data-id=\"e350031\" data-element_type=\"widget\" data-widget_type=\"text-editor.default\">\n\t\t\t\t<div class=\"elementor-widget-container\">\n\t\t\t\t\t\t\t\t\t\t\t\t\t<\/div>\n\t\t\t\t<\/div>\n\t\t\t\t\t<\/div>\n\t\t<\/div>\n\t\t\t\t\t\t\t<\/div>\n\t\t<\/section>\n\t\t\t\t\t\t\t<\/div>\n\t\t","protected":false},"excerpt":{"rendered":"<p>Jeudi 6 Novembre 2025 Akeron est partenaire du CDAY organis\u00e9 par les Dirigeants Commerciaux de France ! Le 06 novembre 2025 c\u2019est LA JOURN\u00c9E pour valoriser et c\u00e9l\u00e9brer le talent commercial, dans toute la France et les associations DCF. Ce jour-l\u00e0 des centaines de managers commerciaux apporteront leur t\u00e9moignage sur leur m\u00e9tier et plusieurs tables [&hellip;]<\/p>\n","protected":false},"featured_media":95676,"template":"","tag-eventi":[],"acf":[],"yoast_head":"<!-- This site is optimized with the Yoast SEO plugin v22.1 - https:\/\/yoast.com\/wordpress\/plugins\/seo\/ -->\n<title>CDay 2025 : Akeron est partenaire de la journ\u00e9e du talent commercial des DCF - Vulki Software Platform<\/title>\n<meta name=\"robots\" content=\"index, follow, max-snippet:-1, max-image-preview:large, max-video-preview:-1\" \/>\n<link rel=\"canonical\" href=\"https:\/\/www.akeron.com\/vulki\/fr\/evenements\/cday-2025-akeron-est-partenaire-a-la-journee-du-talent-commercial-des-dcf\/\" \/>\n<meta property=\"og:locale\" content=\"fr_FR\" \/>\n<meta property=\"og:type\" content=\"article\" \/>\n<meta property=\"og:title\" content=\"CDay 2025 : Akeron est partenaire de la journ\u00e9e du talent commercial des DCF - Vulki Software Platform\" \/>\n<meta property=\"og:description\" content=\"Jeudi 6 Novembre 2025 Akeron est partenaire du CDAY organis\u00e9 par les Dirigeants Commerciaux de France ! Le 06 novembre 2025 c\u2019est LA JOURN\u00c9E pour valoriser et c\u00e9l\u00e9brer le talent commercial, dans toute la France et les associations DCF. Ce jour-l\u00e0 des centaines de managers commerciaux apporteront leur t\u00e9moignage sur leur m\u00e9tier et plusieurs tables [&hellip;]\" \/>\n<meta property=\"og:url\" content=\"https:\/\/www.akeron.com\/vulki\/fr\/evenements\/cday-2025-akeron-est-partenaire-a-la-journee-du-talent-commercial-des-dcf\/\" \/>\n<meta property=\"og:site_name\" content=\"Vulki Software Platform\" \/>\n<meta property=\"article:modified_time\" content=\"2026-02-12T16:31:21+00:00\" \/>\n<meta property=\"og:image\" content=\"https:\/\/www.akeron.com\/vulki\/wp-content\/uploads\/sites\/2\/2024\/07\/Cday-Banner-web.png\" \/>\n\t<meta property=\"og:image:width\" content=\"2771\" \/>\n\t<meta property=\"og:image:height\" content=\"1536\" \/>\n\t<meta property=\"og:image:type\" content=\"image\/png\" \/>\n<meta name=\"twitter:card\" content=\"summary_large_image\" \/>\n<meta name=\"twitter:label1\" content=\"Dur\u00e9e de lecture estim\u00e9e\" \/>\n\t<meta name=\"twitter:data1\" content=\"1 minute\" \/>\n<script type=\"application\/ld+json\" class=\"yoast-schema-graph\">{\"@context\":\"https:\/\/schema.org\",\"@graph\":[{\"@type\":\"WebPage\",\"@id\":\"https:\/\/www.akeron.com\/vulki\/fr\/evenements\/cday-2025-akeron-est-partenaire-a-la-journee-du-talent-commercial-des-dcf\/\",\"url\":\"https:\/\/www.akeron.com\/vulki\/fr\/evenements\/cday-2025-akeron-est-partenaire-a-la-journee-du-talent-commercial-des-dcf\/\",\"name\":\"CDay 2025 : Akeron est partenaire de la journ\u00e9e du talent commercial des DCF - Vulki Software Platform\",\"isPartOf\":{\"@id\":\"https:\/\/www.akeron.com\/vulki\/fr\/#website\"},\"datePublished\":\"2025-10-07T08:36:24+00:00\",\"dateModified\":\"2026-02-12T16:31:21+00:00\",\"breadcrumb\":{\"@id\":\"https:\/\/www.akeron.com\/vulki\/fr\/evenements\/cday-2025-akeron-est-partenaire-a-la-journee-du-talent-commercial-des-dcf\/#breadcrumb\"},\"inLanguage\":\"fr-FR\",\"potentialAction\":[{\"@type\":\"ReadAction\",\"target\":[\"https:\/\/www.akeron.com\/vulki\/fr\/evenements\/cday-2025-akeron-est-partenaire-a-la-journee-du-talent-commercial-des-dcf\/\"]}]},{\"@type\":\"BreadcrumbList\",\"@id\":\"https:\/\/www.akeron.com\/vulki\/fr\/evenements\/cday-2025-akeron-est-partenaire-a-la-journee-du-talent-commercial-des-dcf\/#breadcrumb\",\"itemListElement\":[{\"@type\":\"ListItem\",\"position\":1,\"name\":\"Home\",\"item\":\"https:\/\/www.akeron.com\/vulki\/fr\/\"},{\"@type\":\"ListItem\",\"position\":2,\"name\":\"\u00c9v\u00e9nements\",\"item\":\"https:\/\/www.akeron.com\/vulki\/fr\/evenements\/\"},{\"@type\":\"ListItem\",\"position\":3,\"name\":\"CDay 2025 : Akeron est partenaire de la journ\u00e9e du talent commercial des DCF\"}]},{\"@type\":\"WebSite\",\"@id\":\"https:\/\/www.akeron.com\/vulki\/fr\/#website\",\"url\":\"https:\/\/www.akeron.com\/vulki\/fr\/\",\"name\":\"Vulki Software Platform\",\"description\":\"Piattaforma modulare per motivare e vendere meglio\",\"publisher\":{\"@id\":\"https:\/\/www.akeron.com\/vulki\/fr\/#organization\"},\"potentialAction\":[{\"@type\":\"SearchAction\",\"target\":{\"@type\":\"EntryPoint\",\"urlTemplate\":\"https:\/\/www.akeron.com\/vulki\/fr\/?s={search_term_string}\"},\"query-input\":\"required name=search_term_string\"}],\"inLanguage\":\"fr-FR\"},{\"@type\":\"Organization\",\"@id\":\"https:\/\/www.akeron.com\/vulki\/fr\/#organization\",\"name\":\"Vulki Software Platform\",\"url\":\"https:\/\/www.akeron.com\/vulki\/fr\/\",\"logo\":{\"@type\":\"ImageObject\",\"inLanguage\":\"fr-FR\",\"@id\":\"https:\/\/www.akeron.com\/vulki\/fr\/#\/schema\/logo\/image\/\",\"url\":\"https:\/\/www.akeron.com\/vulki\/wp-content\/uploads\/sites\/2\/2023\/05\/LogoVulkiDef.svg\",\"contentUrl\":\"https:\/\/www.akeron.com\/vulki\/wp-content\/uploads\/sites\/2\/2023\/05\/LogoVulkiDef.svg\",\"caption\":\"Vulki Software Platform\"},\"image\":{\"@id\":\"https:\/\/www.akeron.com\/vulki\/fr\/#\/schema\/logo\/image\/\"}}]}<\/script>\n<!-- \/ Yoast SEO plugin. -->","yoast_head_json":{"title":"CDay 2025 : Akeron est partenaire de la journ\u00e9e du talent commercial des DCF - Vulki Software Platform","robots":{"index":"index","follow":"follow","max-snippet":"max-snippet:-1","max-image-preview":"max-image-preview:large","max-video-preview":"max-video-preview:-1"},"canonical":"https:\/\/www.akeron.com\/vulki\/fr\/evenements\/cday-2025-akeron-est-partenaire-a-la-journee-du-talent-commercial-des-dcf\/","og_locale":"fr_FR","og_type":"article","og_title":"CDay 2025 : Akeron est partenaire de la journ\u00e9e du talent commercial des DCF - Vulki Software Platform","og_description":"Jeudi 6 Novembre 2025 Akeron est partenaire du CDAY organis\u00e9 par les Dirigeants Commerciaux de France ! Le 06 novembre 2025 c\u2019est LA JOURN\u00c9E pour valoriser et c\u00e9l\u00e9brer le talent commercial, dans toute la France et les associations DCF. Ce jour-l\u00e0 des centaines de managers commerciaux apporteront leur t\u00e9moignage sur leur m\u00e9tier et plusieurs tables [&hellip;]","og_url":"https:\/\/www.akeron.com\/vulki\/fr\/evenements\/cday-2025-akeron-est-partenaire-a-la-journee-du-talent-commercial-des-dcf\/","og_site_name":"Vulki Software Platform","article_modified_time":"2026-02-12T16:31:21+00:00","og_image":[{"width":2771,"height":1536,"url":"https:\/\/www.akeron.com\/vulki\/wp-content\/uploads\/sites\/2\/2024\/07\/Cday-Banner-web.png","type":"image\/png"}],"twitter_card":"summary_large_image","twitter_misc":{"Dur\u00e9e de lecture estim\u00e9e":"1 minute"},"schema":{"@context":"https:\/\/schema.org","@graph":[{"@type":"WebPage","@id":"https:\/\/www.akeron.com\/vulki\/fr\/evenements\/cday-2025-akeron-est-partenaire-a-la-journee-du-talent-commercial-des-dcf\/","url":"https:\/\/www.akeron.com\/vulki\/fr\/evenements\/cday-2025-akeron-est-partenaire-a-la-journee-du-talent-commercial-des-dcf\/","name":"CDay 2025 : Akeron est partenaire de la journ\u00e9e du talent commercial des DCF - Vulki Software Platform","isPartOf":{"@id":"https:\/\/www.akeron.com\/vulki\/fr\/#website"},"datePublished":"2025-10-07T08:36:24+00:00","dateModified":"2026-02-12T16:31:21+00:00","breadcrumb":{"@id":"https:\/\/www.akeron.com\/vulki\/fr\/evenements\/cday-2025-akeron-est-partenaire-a-la-journee-du-talent-commercial-des-dcf\/#breadcrumb"},"inLanguage":"fr-FR","potentialAction":[{"@type":"ReadAction","target":["https:\/\/www.akeron.com\/vulki\/fr\/evenements\/cday-2025-akeron-est-partenaire-a-la-journee-du-talent-commercial-des-dcf\/"]}]},{"@type":"BreadcrumbList","@id":"https:\/\/www.akeron.com\/vulki\/fr\/evenements\/cday-2025-akeron-est-partenaire-a-la-journee-du-talent-commercial-des-dcf\/#breadcrumb","itemListElement":[{"@type":"ListItem","position":1,"name":"Home","item":"https:\/\/www.akeron.com\/vulki\/fr\/"},{"@type":"ListItem","position":2,"name":"\u00c9v\u00e9nements","item":"https:\/\/www.akeron.com\/vulki\/fr\/evenements\/"},{"@type":"ListItem","position":3,"name":"CDay 2025 : Akeron est partenaire de la journ\u00e9e du talent commercial des DCF"}]},{"@type":"WebSite","@id":"https:\/\/www.akeron.com\/vulki\/fr\/#website","url":"https:\/\/www.akeron.com\/vulki\/fr\/","name":"Vulki Software Platform","description":"Piattaforma modulare per motivare e vendere meglio","publisher":{"@id":"https:\/\/www.akeron.com\/vulki\/fr\/#organization"},"potentialAction":[{"@type":"SearchAction","target":{"@type":"EntryPoint","urlTemplate":"https:\/\/www.akeron.com\/vulki\/fr\/?s={search_term_string}"},"query-input":"required name=search_term_string"}],"inLanguage":"fr-FR"},{"@type":"Organization","@id":"https:\/\/www.akeron.com\/vulki\/fr\/#organization","name":"Vulki Software Platform","url":"https:\/\/www.akeron.com\/vulki\/fr\/","logo":{"@type":"ImageObject","inLanguage":"fr-FR","@id":"https:\/\/www.akeron.com\/vulki\/fr\/#\/schema\/logo\/image\/","url":"https:\/\/www.akeron.com\/vulki\/wp-content\/uploads\/sites\/2\/2023\/05\/LogoVulkiDef.svg","contentUrl":"https:\/\/www.akeron.com\/vulki\/wp-content\/uploads\/sites\/2\/2023\/05\/LogoVulkiDef.svg","caption":"Vulki Software Platform"},"image":{"@id":"https:\/\/www.akeron.com\/vulki\/fr\/#\/schema\/logo\/image\/"}}]}},"_links":{"self":[{"href":"https:\/\/www.akeron.com\/vulki\/fr\/wp-json\/wp\/v2\/eventi\/116954"}],"collection":[{"href":"https:\/\/www.akeron.com\/vulki\/fr\/wp-json\/wp\/v2\/eventi"}],"about":[{"href":"https:\/\/www.akeron.com\/vulki\/fr\/wp-json\/wp\/v2\/types\/eventi"}],"version-history":[{"count":6,"href":"https:\/\/www.akeron.com\/vulki\/fr\/wp-json\/wp\/v2\/eventi\/116954\/revisions"}],"predecessor-version":[{"id":121963,"href":"https:\/\/www.akeron.com\/vulki\/fr\/wp-json\/wp\/v2\/eventi\/116954\/revisions\/121963"}],"wp:featuredmedia":[{"embeddable":true,"href":"https:\/\/www.akeron.com\/vulki\/fr\/wp-json\/wp\/v2\/media\/95676"}],"wp:attachment":[{"href":"https:\/\/www.akeron.com\/vulki\/fr\/wp-json\/wp\/v2\/media?parent=116954"}],"wp:term":[{"taxonomy":"tag-eventi","embeddable":true,"href":"https:\/\/www.akeron.com\/vulki\/fr\/wp-json\/wp\/v2\/tag-eventi?post=116954"}],"curies":[{"name":"wp","href":"https:\/\/api.w.org\/{rel}","templated":true}]}}