{"id":121964,"date":"2026-02-12T08:06:00","date_gmt":"2026-02-12T07:06:00","guid":{"rendered":"https:\/\/www.akeron.com\/vulki\/?post_type=eventi&#038;p=121964"},"modified":"2026-03-09T17:17:15","modified_gmt":"2026-03-09T16:17:15","slug":"akeron-partenaire-du-sommet-entreprises-croissance","status":"publish","type":"eventi","link":"https:\/\/www.akeron.com\/vulki\/fr\/evenements\/akeron-partenaire-du-sommet-entreprises-croissance\/","title":{"rendered":"Akeron est partenaire du 13\u00e8me Sommet Entreprises &amp; Croissance"},"content":{"rendered":"\t\t<div data-elementor-type=\"wp-post\" data-elementor-id=\"121964\" class=\"elementor elementor-121964\" data-elementor-post-type=\"eventi\">\n\t\t\t\t\t\t\t\t\t<section class=\"elementor-section elementor-top-section elementor-element elementor-element-45f12c45 elementor-section-boxed elementor-section-height-default elementor-section-height-default\" data-id=\"45f12c45\" data-element_type=\"section\">\n\t\t\t\t\t\t<div class=\"elementor-container elementor-column-gap-default\">\n\t\t\t\t\t<div class=\"elementor-column elementor-col-100 elementor-top-column elementor-element elementor-element-d98c9c3\" data-id=\"d98c9c3\" data-element_type=\"column\">\n\t\t\t<div class=\"elementor-widget-wrap elementor-element-populated\">\n\t\t\t\t\t\t\t\t<div class=\"elementor-element elementor-element-ca5e2c7 elementor-widget elementor-widget-text-editor\" data-id=\"ca5e2c7\" data-element_type=\"widget\" data-widget_type=\"text-editor.default\">\n\t\t\t\t<div class=\"elementor-widget-container\">\n\t\t\t<style>\/*! elementor - v3.15.0 - 20-08-2023 *\/\n.elementor-widget-text-editor.elementor-drop-cap-view-stacked .elementor-drop-cap{background-color:#69727d;color:#fff}.elementor-widget-text-editor.elementor-drop-cap-view-framed .elementor-drop-cap{color:#69727d;border:3px solid;background-color:transparent}.elementor-widget-text-editor:not(.elementor-drop-cap-view-default) .elementor-drop-cap{margin-top:8px}.elementor-widget-text-editor:not(.elementor-drop-cap-view-default) .elementor-drop-cap-letter{width:1em;height:1em}.elementor-widget-text-editor .elementor-drop-cap{float:left;text-align:center;line-height:1;font-size:50px}.elementor-widget-text-editor .elementor-drop-cap-letter{display:inline-block}<\/style>\t\t\t\t<p style=\"text-align: left\"><strong>Mardi 31 Mars 2026<\/strong><\/p>\t\t\t\t\t\t<\/div>\n\t\t\t\t<\/div>\n\t\t\t\t<div class=\"elementor-element elementor-element-7695fc40 elementor-widget elementor-widget-text-editor\" data-id=\"7695fc40\" data-element_type=\"widget\" data-widget_type=\"text-editor.default\">\n\t\t\t\t<div class=\"elementor-widget-container\">\n\t\t\t\t\t\t\t<p><span style=\"border-width: 0px;--tw-translate-x: 0;--tw-translate-y: 0;--tw-rotate: 0;--tw-skew-x: 0;--tw-skew-y: 0;--tw-scale-x: 1;--tw-scale-y: 1;--tw-border-opacity: 1;--tw-ring-offset-width: 0px;--tw-ring-offset-color: #fff;--tw-ring-offset-shadow: 0 0 #0000;--tw-ring-shadow: 0 0 #0000;--tw-shadow: 0 0 #0000;--tw-filter: var(--tw-blur) var(--tw-brightness) var(--tw-contrast) var(--tw-grayscale) var(--tw-hue-rotate) var(--tw-invert) var(--tw-saturate) var(--tw-sepia) var(--tw-drop-shadow);font-weight: bolder\">Akeron est fier d&rsquo;\u00eatre partenaire du Sommet des Entreprises &amp; Croissance <\/span><\/p><p>Organis\u00e9 par D\u00e9cideurs Magazine, le Sommet Entreprises &amp; Croissance offre chaque ann\u00e9e un point d&rsquo;actualit\u00e9 sur les leviers et les questions cl\u00e9s au c\u0153ur du d\u00e9veloppement des entreprises fran\u00e7aises : financement, innovation, enjeux sociaux et environnementaux, capital humain, international, (r\u00e9)industrialisation&#8230;<\/p><p>Il apporte \u00e9galement une reconnaissance publique aux succ\u00e8s de dirigeants et d\u2019entrepreneurs passionn\u00e9s. Dans la lign\u00e9e des ambitions du Plan France 2030 et de la strat\u00e9gie nationale en faveur du d\u00e9veloppement des ETI, la 13\u1d49 \u00e9dition du Sommet Entreprises &amp; Croissance illustrera une nouvelle fois l&rsquo;engagement collectif en faveur d&rsquo;une \u00e9conomie dynamique et responsable. L&rsquo;\u00e9v\u00e9nement r\u00e9unira, le mardi 31 mars 2026 au Pavillon d&rsquo;Armenonville, plus de 300 dirigeants d&rsquo;ETI, de PME en croissance et de grandes entreprises.<\/p><p>\u00a0<\/p>\t\t\t\t\t\t<\/div>\n\t\t\t\t<\/div>\n\t\t\t\t<div class=\"elementor-element elementor-element-e465fa1 elementor-widget elementor-widget-text-editor\" data-id=\"e465fa1\" data-element_type=\"widget\" data-widget_type=\"text-editor.default\">\n\t\t\t\t<div class=\"elementor-widget-container\">\n\t\t\t\t\t\t\t\t\t\t\t\t\t<\/div>\n\t\t\t\t<\/div>\n\t\t\t\t<div class=\"elementor-element elementor-element-5911119 elementor-widget elementor-widget-text-editor\" data-id=\"5911119\" data-element_type=\"widget\" data-widget_type=\"text-editor.default\">\n\t\t\t\t<div class=\"elementor-widget-container\">\n\t\t\t\t\t\t\t<p><a href=\"https:\/\/www.leadersleague.com\/fr\/evenements\/sommet-entreprises-and-croissance\">Pour en savoir plus sur le Sommet Entreprises &amp; Croissance<\/a><\/p>\t\t\t\t\t\t<\/div>\n\t\t\t\t<\/div>\n\t\t\t\t\t<\/div>\n\t\t<\/div>\n\t\t\t\t\t\t\t<\/div>\n\t\t<\/section>\n\t\t\t\t<section class=\"elementor-section elementor-top-section elementor-element elementor-element-485bb21 elementor-section-boxed elementor-section-height-default elementor-section-height-default\" data-id=\"485bb21\" data-element_type=\"section\">\n\t\t\t\t\t\t<div class=\"elementor-container elementor-column-gap-default\">\n\t\t\t\t\t<div class=\"elementor-column elementor-col-100 elementor-top-column elementor-element elementor-element-b43d354\" data-id=\"b43d354\" data-element_type=\"column\">\n\t\t\t<div class=\"elementor-widget-wrap elementor-element-populated\">\n\t\t\t\t\t\t\t\t<div class=\"elementor-element elementor-element-e350031 elementor-widget elementor-widget-text-editor\" data-id=\"e350031\" data-element_type=\"widget\" data-widget_type=\"text-editor.default\">\n\t\t\t\t<div class=\"elementor-widget-container\">\n\t\t\t\t\t\t\t\t\t\t\t\t\t<\/div>\n\t\t\t\t<\/div>\n\t\t\t\t\t<\/div>\n\t\t<\/div>\n\t\t\t\t\t\t\t<\/div>\n\t\t<\/section>\n\t\t\t\t\t\t\t<\/div>\n\t\t","protected":false},"excerpt":{"rendered":"<p>Mardi 31 Mars 2026 Akeron est fier d&rsquo;\u00eatre partenaire du Sommet des Entreprises &amp; Croissance Organis\u00e9 par D\u00e9cideurs Magazine, le Sommet Entreprises &amp; Croissance offre chaque ann\u00e9e un point d&rsquo;actualit\u00e9 sur les leviers et les questions cl\u00e9s au c\u0153ur du d\u00e9veloppement des entreprises fran\u00e7aises : financement, innovation, enjeux sociaux et environnementaux, capital humain, international, (r\u00e9)industrialisation&#8230; [&hellip;]<\/p>\n","protected":false},"featured_media":121970,"template":"","tag-eventi":[],"acf":[],"yoast_head":"<!-- This site is optimized with the Yoast SEO plugin v22.1 - https:\/\/yoast.com\/wordpress\/plugins\/seo\/ -->\n<title>Sommet Entreprises &amp; Croissance | Akeron<\/title>\n<meta name=\"description\" content=\"Entreprises et croissance : Akeron participe au Sommet Entreprises &amp; Croissance pour \u00e9changer sur les strat\u00e9gies de d\u00e9veloppement.\" \/>\n<meta name=\"robots\" content=\"index, follow, max-snippet:-1, max-image-preview:large, max-video-preview:-1\" \/>\n<link rel=\"canonical\" href=\"https:\/\/www.akeron.com\/vulki\/fr\/evenements\/akeron-partenaire-du-sommet-entreprises-croissance\/\" \/>\n<meta property=\"og:locale\" content=\"fr_FR\" \/>\n<meta property=\"og:type\" content=\"article\" \/>\n<meta property=\"og:title\" content=\"Sommet Entreprises &amp; Croissance | Akeron\" \/>\n<meta property=\"og:description\" content=\"Entreprises et croissance : Akeron participe au Sommet Entreprises &amp; Croissance pour \u00e9changer sur les strat\u00e9gies de d\u00e9veloppement.\" \/>\n<meta property=\"og:url\" content=\"https:\/\/www.akeron.com\/vulki\/fr\/evenements\/akeron-partenaire-du-sommet-entreprises-croissance\/\" \/>\n<meta property=\"og:site_name\" content=\"Vulki Software Platform\" \/>\n<meta property=\"article:modified_time\" content=\"2026-03-09T16:17:15+00:00\" \/>\n<meta property=\"og:image\" content=\"https:\/\/www.akeron.com\/vulki\/wp-content\/uploads\/sites\/2\/2026\/01\/Topbanner_Sommet-des-entreprises-2026.png\" \/>\n\t<meta property=\"og:image:width\" content=\"2771\" \/>\n\t<meta property=\"og:image:height\" content=\"1536\" \/>\n\t<meta property=\"og:image:type\" content=\"image\/png\" \/>\n<meta name=\"twitter:card\" content=\"summary_large_image\" \/>\n<meta name=\"twitter:label1\" content=\"Dur\u00e9e de lecture estim\u00e9e\" \/>\n\t<meta name=\"twitter:data1\" content=\"1 minute\" \/>\n<script type=\"application\/ld+json\" class=\"yoast-schema-graph\">{\"@context\":\"https:\/\/schema.org\",\"@graph\":[{\"@type\":\"WebPage\",\"@id\":\"https:\/\/www.akeron.com\/vulki\/fr\/evenements\/akeron-partenaire-du-sommet-entreprises-croissance\/\",\"url\":\"https:\/\/www.akeron.com\/vulki\/fr\/evenements\/akeron-partenaire-du-sommet-entreprises-croissance\/\",\"name\":\"Sommet Entreprises & Croissance | Akeron\",\"isPartOf\":{\"@id\":\"https:\/\/www.akeron.com\/vulki\/fr\/#website\"},\"datePublished\":\"2026-02-12T07:06:00+00:00\",\"dateModified\":\"2026-03-09T16:17:15+00:00\",\"description\":\"Entreprises et croissance : Akeron participe au Sommet Entreprises & Croissance pour \u00e9changer sur les strat\u00e9gies de d\u00e9veloppement.\",\"breadcrumb\":{\"@id\":\"https:\/\/www.akeron.com\/vulki\/fr\/evenements\/akeron-partenaire-du-sommet-entreprises-croissance\/#breadcrumb\"},\"inLanguage\":\"fr-FR\",\"potentialAction\":[{\"@type\":\"ReadAction\",\"target\":[\"https:\/\/www.akeron.com\/vulki\/fr\/evenements\/akeron-partenaire-du-sommet-entreprises-croissance\/\"]}]},{\"@type\":\"BreadcrumbList\",\"@id\":\"https:\/\/www.akeron.com\/vulki\/fr\/evenements\/akeron-partenaire-du-sommet-entreprises-croissance\/#breadcrumb\",\"itemListElement\":[{\"@type\":\"ListItem\",\"position\":1,\"name\":\"Home\",\"item\":\"https:\/\/www.akeron.com\/vulki\/fr\/\"},{\"@type\":\"ListItem\",\"position\":2,\"name\":\"\u00c9v\u00e9nements\",\"item\":\"https:\/\/www.akeron.com\/vulki\/fr\/evenements\/\"},{\"@type\":\"ListItem\",\"position\":3,\"name\":\"Akeron est partenaire du 13\u00e8me Sommet Entreprises &amp; Croissance\"}]},{\"@type\":\"WebSite\",\"@id\":\"https:\/\/www.akeron.com\/vulki\/fr\/#website\",\"url\":\"https:\/\/www.akeron.com\/vulki\/fr\/\",\"name\":\"Vulki Software Platform\",\"description\":\"Piattaforma modulare per motivare e vendere meglio\",\"publisher\":{\"@id\":\"https:\/\/www.akeron.com\/vulki\/fr\/#organization\"},\"potentialAction\":[{\"@type\":\"SearchAction\",\"target\":{\"@type\":\"EntryPoint\",\"urlTemplate\":\"https:\/\/www.akeron.com\/vulki\/fr\/?s={search_term_string}\"},\"query-input\":\"required name=search_term_string\"}],\"inLanguage\":\"fr-FR\"},{\"@type\":\"Organization\",\"@id\":\"https:\/\/www.akeron.com\/vulki\/fr\/#organization\",\"name\":\"Vulki Software Platform\",\"url\":\"https:\/\/www.akeron.com\/vulki\/fr\/\",\"logo\":{\"@type\":\"ImageObject\",\"inLanguage\":\"fr-FR\",\"@id\":\"https:\/\/www.akeron.com\/vulki\/fr\/#\/schema\/logo\/image\/\",\"url\":\"https:\/\/www.akeron.com\/vulki\/wp-content\/uploads\/sites\/2\/2023\/05\/LogoVulkiDef.svg\",\"contentUrl\":\"https:\/\/www.akeron.com\/vulki\/wp-content\/uploads\/sites\/2\/2023\/05\/LogoVulkiDef.svg\",\"caption\":\"Vulki Software Platform\"},\"image\":{\"@id\":\"https:\/\/www.akeron.com\/vulki\/fr\/#\/schema\/logo\/image\/\"}}]}<\/script>\n<!-- \/ Yoast SEO plugin. -->","yoast_head_json":{"title":"Sommet Entreprises & Croissance | Akeron","description":"Entreprises et croissance : Akeron participe au Sommet Entreprises & Croissance pour \u00e9changer sur les strat\u00e9gies de d\u00e9veloppement.","robots":{"index":"index","follow":"follow","max-snippet":"max-snippet:-1","max-image-preview":"max-image-preview:large","max-video-preview":"max-video-preview:-1"},"canonical":"https:\/\/www.akeron.com\/vulki\/fr\/evenements\/akeron-partenaire-du-sommet-entreprises-croissance\/","og_locale":"fr_FR","og_type":"article","og_title":"Sommet Entreprises & Croissance | Akeron","og_description":"Entreprises et croissance : Akeron participe au Sommet Entreprises & Croissance pour \u00e9changer sur les strat\u00e9gies de d\u00e9veloppement.","og_url":"https:\/\/www.akeron.com\/vulki\/fr\/evenements\/akeron-partenaire-du-sommet-entreprises-croissance\/","og_site_name":"Vulki Software Platform","article_modified_time":"2026-03-09T16:17:15+00:00","og_image":[{"width":2771,"height":1536,"url":"https:\/\/www.akeron.com\/vulki\/wp-content\/uploads\/sites\/2\/2026\/01\/Topbanner_Sommet-des-entreprises-2026.png","type":"image\/png"}],"twitter_card":"summary_large_image","twitter_misc":{"Dur\u00e9e de lecture estim\u00e9e":"1 minute"},"schema":{"@context":"https:\/\/schema.org","@graph":[{"@type":"WebPage","@id":"https:\/\/www.akeron.com\/vulki\/fr\/evenements\/akeron-partenaire-du-sommet-entreprises-croissance\/","url":"https:\/\/www.akeron.com\/vulki\/fr\/evenements\/akeron-partenaire-du-sommet-entreprises-croissance\/","name":"Sommet Entreprises & Croissance | Akeron","isPartOf":{"@id":"https:\/\/www.akeron.com\/vulki\/fr\/#website"},"datePublished":"2026-02-12T07:06:00+00:00","dateModified":"2026-03-09T16:17:15+00:00","description":"Entreprises et croissance : Akeron participe au Sommet Entreprises & Croissance pour \u00e9changer sur les strat\u00e9gies de d\u00e9veloppement.","breadcrumb":{"@id":"https:\/\/www.akeron.com\/vulki\/fr\/evenements\/akeron-partenaire-du-sommet-entreprises-croissance\/#breadcrumb"},"inLanguage":"fr-FR","potentialAction":[{"@type":"ReadAction","target":["https:\/\/www.akeron.com\/vulki\/fr\/evenements\/akeron-partenaire-du-sommet-entreprises-croissance\/"]}]},{"@type":"BreadcrumbList","@id":"https:\/\/www.akeron.com\/vulki\/fr\/evenements\/akeron-partenaire-du-sommet-entreprises-croissance\/#breadcrumb","itemListElement":[{"@type":"ListItem","position":1,"name":"Home","item":"https:\/\/www.akeron.com\/vulki\/fr\/"},{"@type":"ListItem","position":2,"name":"\u00c9v\u00e9nements","item":"https:\/\/www.akeron.com\/vulki\/fr\/evenements\/"},{"@type":"ListItem","position":3,"name":"Akeron est partenaire du 13\u00e8me Sommet Entreprises &amp; Croissance"}]},{"@type":"WebSite","@id":"https:\/\/www.akeron.com\/vulki\/fr\/#website","url":"https:\/\/www.akeron.com\/vulki\/fr\/","name":"Vulki Software Platform","description":"Piattaforma modulare per motivare e vendere meglio","publisher":{"@id":"https:\/\/www.akeron.com\/vulki\/fr\/#organization"},"potentialAction":[{"@type":"SearchAction","target":{"@type":"EntryPoint","urlTemplate":"https:\/\/www.akeron.com\/vulki\/fr\/?s={search_term_string}"},"query-input":"required name=search_term_string"}],"inLanguage":"fr-FR"},{"@type":"Organization","@id":"https:\/\/www.akeron.com\/vulki\/fr\/#organization","name":"Vulki Software Platform","url":"https:\/\/www.akeron.com\/vulki\/fr\/","logo":{"@type":"ImageObject","inLanguage":"fr-FR","@id":"https:\/\/www.akeron.com\/vulki\/fr\/#\/schema\/logo\/image\/","url":"https:\/\/www.akeron.com\/vulki\/wp-content\/uploads\/sites\/2\/2023\/05\/LogoVulkiDef.svg","contentUrl":"https:\/\/www.akeron.com\/vulki\/wp-content\/uploads\/sites\/2\/2023\/05\/LogoVulkiDef.svg","caption":"Vulki Software Platform"},"image":{"@id":"https:\/\/www.akeron.com\/vulki\/fr\/#\/schema\/logo\/image\/"}}]}},"_links":{"self":[{"href":"https:\/\/www.akeron.com\/vulki\/fr\/wp-json\/wp\/v2\/eventi\/121964"}],"collection":[{"href":"https:\/\/www.akeron.com\/vulki\/fr\/wp-json\/wp\/v2\/eventi"}],"about":[{"href":"https:\/\/www.akeron.com\/vulki\/fr\/wp-json\/wp\/v2\/types\/eventi"}],"version-history":[{"count":6,"href":"https:\/\/www.akeron.com\/vulki\/fr\/wp-json\/wp\/v2\/eventi\/121964\/revisions"}],"predecessor-version":[{"id":121973,"href":"https:\/\/www.akeron.com\/vulki\/fr\/wp-json\/wp\/v2\/eventi\/121964\/revisions\/121973"}],"wp:featuredmedia":[{"embeddable":true,"href":"https:\/\/www.akeron.com\/vulki\/fr\/wp-json\/wp\/v2\/media\/121970"}],"wp:attachment":[{"href":"https:\/\/www.akeron.com\/vulki\/fr\/wp-json\/wp\/v2\/media?parent=121964"}],"wp:term":[{"taxonomy":"tag-eventi","embeddable":true,"href":"https:\/\/www.akeron.com\/vulki\/fr\/wp-json\/wp\/v2\/tag-eventi?post=121964"}],"curies":[{"name":"wp","href":"https:\/\/api.w.org\/{rel}","templated":true}]}}